{"id":210,"date":"2012-04-17T21:23:37","date_gmt":"2012-04-17T19:23:37","guid":{"rendered":"http:\/\/ebbarpsby.se\/vag\/?page_id=5"},"modified":"2026-04-17T06:49:47","modified_gmt":"2026-04-17T06:49:47","slug":"hem","status":"publish","type":"page","link":"http:\/\/ebbarpsby.se\/vag\/","title":{"rendered":"Hem"},"content":{"rendered":"<div class=\"page\" title=\"Page 1\">\n<div class=\"layoutArea\">\n<div class=\"column\">\n<div class=\"layoutArea\">\n<div class=\"column\">\n<h2><strong>KALLELSE 2026<\/strong><\/h2>\n<\/div>\n<\/div>\n<div class=\"layoutArea\">\n<div class=\"column\">\n<div class=\"page\" title=\"Page 1\">\n<div class=\"layoutArea\">\n<div class=\"column\">\n<p class=\"p1\">Medlemmar i EBBARP SAMF\u00c4LLIGHETSF\u00d6RENING kallas till ordinarie<\/p>\n<p class=\"p1\">f\u00f6reningsst\u00e4mma onsdagen den <b>27 april 2026 kl. 19:00,<\/b>, i Wettersols lokaler, Tallv\u00e4gen 4,<\/p>\n<p class=\"p1\">Bankeryd. Ing\u00e5ng via entr\u00e9.<\/p>\n<p class=\"p1\">\u00c4renden enligt stadgarna.<\/p>\n<p class=\"p1\">I stadgarnas \u00a7 13 upptagna handlingar h\u00e5lls tillg\u00e4ngliga hos ordf\u00f6randen Stellan Karlsson, Ebbarp. <br \/>Samma handlingar h\u00e5lls tillg\u00e4ngliga p\u00e5 hemsidan <span class=\"s1\">http:\/\/ebbarpsby.se\/vag\/<\/span> p\u00e5 sidan finns en flik \u201df\u00f6r medlemmar\u201d. \u00c5tkomst till handlingar f\u00e5r man genom att ange l\u00f6senord som angetts p\u00e5 utskicket.<\/p>\n<p class=\"p1\"><strong>Styrelsen f\u00f6resl\u00e5r en uttaxering om 100 000 kr f\u00f6r 2026 f\u00f6r att m\u00f6ta framtida underh\u00e5lls\u00e5tg\u00e4rder.<\/strong><\/p>\n<p class=\"p1\">F\u00f6reningens andelsl\u00e4ngd bygger p\u00e5 att styrelsen innehar aktuella uppgifter om en fastighets anv\u00e4ndningss\u00e4tt. N\u00e4r f\u00f6rh\u00e5llanden \u00e4ndras skall andels\u00e4gare meddela detta till styrelsen, varefter andelstal \u00e4ndras och registreras av Lantm\u00e4teriet. Det kan exempelvis<\/p>\n<p class=\"p1\">vara:<\/p>\n<p class=\"p1\">&#8211; Fritidsbostad har \u00f6verg\u00e5tt till permanentbostad<\/p>\n<p class=\"p1\">&#8211; Annan bostad p\u00e5 fastigheten har hyrts ut<\/p>\n<p class=\"p1\">&#8211; Bostad har rivits och materialet har forslats bort.<\/p>\n<p class=\"p1\">Ebbarp den 8 april 2026<\/p>\n<p class=\"p1\"><i>Styrelsen<\/i><\/p>\n<p class=\"p1\">Denna kallelse har adresserats till fastighetsinneha<\/p>\n<p>\u00a0<\/p>\n<p>\u00c4renden enligt stadgarna.<\/p>\n<p>I stadgarnas \u00a7 13 upptagna handlingar h\u00e5lls tillg\u00e4ngliga hos ordf\u00f6randen Stellan Karlsson, Ebbarp. Samma handlingar h\u00e5lls tillg\u00e4ngliga p\u00e5 hemsidan http:\/\/ebbarpsby.se\/vag\/ p\u00e5 sidan finns en flik \u201df\u00f6r medlemmar\u201d. \u00c5tkomst till handlingar f\u00e5r man genom att ange l\u00f6senord.<\/p>\n<p>Styrelsen<\/p>\n<p>Denna kallelse har adresserats till fastighetsinnehavare med de namn och adresser som vi har tillg\u00e4ngliga. Skulle vi i n\u00e5got avseende ha fel (Ni kanske har flyttat eller avyttrat fastigheten) ber vi Er meddela r\u00e4ttelse, antingen till adress enligt ovan eller till f\u00f6reningens ordf\u00f6rande,<\/p>\n<p>Stellan Karlsson,<br \/><a href=\"mailto:ebbarpsby@gmail.com\">ebbarpsby@gmail.com<\/a><br \/>Telefon 076 792 08 49.<\/p>\n<\/div>\n<\/div>\n<\/div>\n<\/div>\n<\/div>\n<\/div>\n<\/div>\n<h2>\u00a0<\/h2>\n<h2>\u00a0<\/h2>\n<h2>\u00c4LDRE INFORMATION\u00a0<\/h2>\n<div class=\"layoutArea\">\n<div class=\"column\">\u00a0<\/div>\n<\/div>\n<\/div>\n<h3>V\u00e4gf\u00f6reningens v\u00e4gn\u00e4t 2020<br \/><span style=\"font-size: 16px;\">Gr\u00f6nmarkerat v\u00e4gn\u00e4t \u00e4r de str\u00e4ckor som v\u00e4gf\u00f6reningen ansvarar f\u00f6r.\u00a0<\/span><\/h3>\n<p><a href=\"http:\/\/vps2.bergh.nu\/vag\/wp-content\/uploads\/2020\/06\/Vagnat-Ebbarp-med-bidrag-2019.png\"><img loading=\"lazy\" class=\"alignnone size-medium wp-image-210\" title=\"V\u00e4gn\u00e4t Ebbarp med bidrag 2019\" src=\"http:\/\/vps2.bergh.nu\/vag\/wp-content\/uploads\/2020\/06\/Vagnat-Ebbarp-med-bidrag-2019-230x300.png\" alt=\"\" width=\"230\" height=\"300\" \/><\/a><\/p>\n<h2>\u00a0<\/h2>\n<h2>Tillg\u00e4ngliga handlingar &amp; medlemssidan<\/h2>\n<p>Enligt \u00a713 i f\u00f6reningens stadgar h\u00e5lles handlingar tillg\u00e4ngliga hos ordf\u00f6randen Stellan Karlsson, Ebbarp. Under fliken F\u00f6r <a href=\"http:\/\/ebbarpsby.se\/vag\/for-medlemmar\/\">medlemmar<\/a> finns protokoll och andra dokument upplagda inf\u00f6r varje \u00e5rsm\u00f6te. L\u00f6senordet finns alltid i kallelsen. Det kan ocks\u00e5 f\u00e5s om man kontaktar ordf\u00f6randen.<\/p>\n<h2>Trafikm\u00e4tning September 2016:<\/h2>\n<p>Under september 2016 genomf\u00f6rdes en trafik och -hastighetsm\u00e4tning utanf\u00f6r Missionshuset\/ Eket.<br \/>F\u00f6ljande sammanst\u00e4llning belyser \u00f6versiktligt hur trafikm\u00e4ngden f\u00f6r\u00e4ndrats sedan tidigare m\u00e4tningar (2011 &amp; 2012) samt vilka hastigheter som uppm\u00e4tts.<\/p>\n<p>F\u00f6r m\u00e4tningen 2016:<br \/>Fr\u00e5n Ebbarp = Riktning mot 195<br \/>Mot Ebbarp = mot \u00d6sterlid.<br \/>Genomsnitthastigheten mot Ebbarp= 42 km\/h \u00a0och fr\u00e5n Ebbarp 35 km\/h.<br \/>Totalt ber\u00e4knas det per dygn passerar \u00a0219 fordon.<br \/>85% av bilarna som passerar h\u00e5ller under 52km\/h respektive 51km\/h.<br \/>H\u00f6gsta uppm\u00e4tta hastighet var 79 km\/h respektive 70 km\/h.<\/p>\n<p><a href=\"http:\/\/vps2.bergh.nu\/vag\/wp-content\/uploads\/2012\/04\/FullSizeRender.jpg\"><img loading=\"lazy\" title=\"FullSizeRender\" src=\"http:\/\/vps2.bergh.nu\/vag\/wp-content\/uploads\/2012\/04\/FullSizeRender.jpg\" alt=\"\" width=\"450\" height=\"142\" \/><\/a><\/p>\n<p>Mer information om trafikm\u00e4tning (detaljdata) finns p\u00e5 medlemssidan.<\/p>\n\n\n<p><\/p>\n","protected":false},"excerpt":{"rendered":"<p>KALLELSE 2026 Medlemmar i EBBARP SAMF\u00c4LLIGHETSF\u00d6RENING kallas till ordinarie f\u00f6reningsst\u00e4mma onsdagen den 27 april 2026 kl. 19:00,, i Wettersols lokaler, Tallv\u00e4gen 4, Bankeryd. Ing\u00e5ng via entr\u00e9. \u00c4renden enligt stadgarna. I stadgarnas \u00a7 13 upptagna handlingar h\u00e5lls tillg\u00e4ngliga hos ordf\u00f6randen Stellan &hellip; <a href=\"http:\/\/ebbarpsby.se\/vag\/\">Continue reading <span class=\"meta-nav\">&rarr;<\/span><\/a><\/p>\n","protected":false},"author":1,"featured_media":0,"parent":0,"menu_order":0,"comment_status":"closed","ping_status":"open","template":"onecolumn-page.php","meta":[],"_links":{"self":[{"href":"http:\/\/ebbarpsby.se\/vag\/wp-json\/wp\/v2\/pages\/210"}],"collection":[{"href":"http:\/\/ebbarpsby.se\/vag\/wp-json\/wp\/v2\/pages"}],"about":[{"href":"http:\/\/ebbarpsby.se\/vag\/wp-json\/wp\/v2\/types\/page"}],"author":[{"embeddable":true,"href":"http:\/\/ebbarpsby.se\/vag\/wp-json\/wp\/v2\/users\/1"}],"replies":[{"embeddable":true,"href":"http:\/\/ebbarpsby.se\/vag\/wp-json\/wp\/v2\/comments?post=210"}],"version-history":[{"count":15,"href":"http:\/\/ebbarpsby.se\/vag\/wp-json\/wp\/v2\/pages\/210\/revisions"}],"predecessor-version":[{"id":320,"href":"http:\/\/ebbarpsby.se\/vag\/wp-json\/wp\/v2\/pages\/210\/revisions\/320"}],"wp:attachment":[{"href":"http:\/\/ebbarpsby.se\/vag\/wp-json\/wp\/v2\/media?parent=210"}],"curies":[{"name":"wp","href":"https:\/\/api.w.org\/{rel}","templated":true}]}}